{"id":14760,"date":"2019-09-12T11:28:19","date_gmt":"2019-09-12T09:28:19","guid":{"rendered":"https:\/\/www.4ps.be\/actueel\/evenement-4ps-tech-days-developers-internationale-partners-op-bezoek-in-ede\/"},"modified":"2019-09-12T11:28:19","modified_gmt":"2019-09-12T09:28:19","slug":"evenement-4ps-tech-days-developers-internationale-partners-op-bezoek-in-ede","status":"publish","type":"insight","link":"https:\/\/www.4ps.be\/fr\/actueel\/evenement-4ps-tech-days-developers-internationale-partners-op-bezoek-in-ede\/","title":{"rendered":"4PS Tech Days: developers internationale partners op bezoek in Ede"},"content":{"rendered":"<section class=\"block\">\n    <div class=\"ce ce-text-with-media\">\n\n                    \n    <div class=\"row\">\n        <div class=\"column small-12 large-6\">\n\n            \n                <figure class=\"left\">\n                    <img decoding=\"async\" src=\"https:\/\/www.4ps.be\/wp-content\/uploads\/sites\/3\/tech-1024x576-c-default.jpg\" alt=\"\"\/>\n\n                    \n                <\/figure>\n\n            \n        <\/div>\n        <div class=\"column small-12 large-6\">\n            <div class=\"content-holder\">\n                <div class=\"content\">\n\n                    \n                    \n                    \n                        <div class=\"wysiwyg\">\n\n                            <p>Net even anders dan de internationale partnerdagen. Waar de partnerdagen gericht zijn op functionele, sales- en marketingpersonen, zijn de Tech Days er specifiek voor de techneuten van onze internationale partners.<\/p>\n<h2>Programma<\/h2>\n<p>Deze twee dagen bestonden uit een vol programma met onder informatie, technische sessies en diverse demo\u2019s. Voornamelijk gerelateerd aan het modernste ERP-platform van dit moment: Microsoft Dynamics Business Central 365. Natuurlijk was er ook tijd voor een hoop gezelligheid met in de avond een potje shortgolf en een smakelijke barbecue.<\/p>\n\n\n                        <\/div>\n\n                    \n                    \n                    \n                <\/div>\n            <\/div>\n        <\/div>\n    <\/div>\n\n        \n    <\/div>\n<\/section>\n<section class=\"block\">\n    <div class=\"ce ce-share\">\n\n                    \n    <div class=\"row\">\n        <div class=\"column small-12 large-8 large-offset-2\">\n            <ul>\n\n                \n                    <li class=\"title\">\n                        <h4>Deel dit artikel:<\/h4>\n                    <\/li>\n\n                \n                \n                    <li data-network=\"linkedin\" class=\"st-custom-button icon-linkedin\"><\/li>\n\n                \n                    <li data-network=\"twitter\" class=\"st-custom-button icon-twitter\"><\/li>\n\n                \n            <\/ul>\n        <\/div>\n    <\/div>\n\n        \n    <\/div>\n<\/section>\n","protected":false},"featured_media":12933,"template":"","insight__topic":[],"insight__category":[6448],"class_list":["post-14760","insight","type-insight","status-publish","has-post-thumbnail","hentry","insight__category-evenements"],"acf":{"key_visual__title":"4PS Tech Days: developers internationale partners op bezoek in Ede","key_visual__intro":"Voor het tweede jaar op rij organiseerden we de 4PS Tech Days. Op 5 en 6 juni brachten Developers van internationale partners uit Engeland, Tsjechi\u00eb, Oekra\u00efne, Zweden, Frankrijk en Itali\u00eb een bezoek aan ons kantoor in Ede. Met een boordevol programma en een goede opkomst waren dit twee succesvolle dagen!","key_visual__image":3292,"key_visual__primary_link_type":"link","key_visual__primary_link":[""],"key_visual__popup_text":"","key_visual__secondary_link_type":"link","key_visual__secondary_link":[""],"key_visual__video":"","key_visual__download":null,"key_visual__link_text":"","key_visual__statistics":null},"yoast_head":"<!-- This site is optimized with the Yoast SEO Premium plugin v25.5 (Yoast SEO v25.5) - https:\/\/yoast.com\/wordpress\/plugins\/seo\/ -->\n<title>4PS Tech Days: developers internationale partners op bezoek in Ede - 4PS Belgi\u00eb<\/title>\n<meta name=\"robots\" content=\"index, follow, max-snippet:-1, max-image-preview:large, max-video-preview:-1\" \/>\n<link rel=\"canonical\" href=\"https:\/\/www.4ps.be\/fr\/actueel\/evenement-4ps-tech-days-developers-internationale-partners-op-bezoek-in-ede\/\" \/>\n<meta property=\"og:locale\" content=\"fr_FR\" \/>\n<meta property=\"og:type\" content=\"article\" \/>\n<meta property=\"og:title\" content=\"4PS Tech Days: developers internationale partners op bezoek in Ede\" \/>\n<meta property=\"og:url\" content=\"https:\/\/www.4ps.be\/fr\/actueel\/evenement-4ps-tech-days-developers-internationale-partners-op-bezoek-in-ede\/\" \/>\n<meta property=\"og:site_name\" content=\"4PS Belgi\u00eb\" \/>\n<meta name=\"twitter:card\" content=\"summary_large_image\" \/>\n<meta name=\"twitter:site\" content=\"@4psBelgium\" \/>\n<meta name=\"twitter:label1\" content=\"Dur\u00e9e de lecture estim\u00e9e\" \/>\n\t<meta name=\"twitter:data1\" content=\"1 minute\" \/>\n<script type=\"application\/ld+json\" class=\"yoast-schema-graph\">{\"@context\":\"https:\/\/schema.org\",\"@graph\":[{\"@type\":\"WebPage\",\"@id\":\"https:\/\/www.4ps.be\/fr\/actueel\/evenement-4ps-tech-days-developers-internationale-partners-op-bezoek-in-ede\/\",\"url\":\"https:\/\/www.4ps.be\/fr\/actueel\/evenement-4ps-tech-days-developers-internationale-partners-op-bezoek-in-ede\/\",\"name\":\"4PS Tech Days: developers internationale partners op bezoek in Ede - 4PS Belgi\u00eb\",\"isPartOf\":{\"@id\":\"https:\/\/www.4ps.be\/fr\/#website\"},\"primaryImageOfPage\":{\"@id\":\"https:\/\/www.4ps.be\/fr\/actueel\/evenement-4ps-tech-days-developers-internationale-partners-op-bezoek-in-ede\/#primaryimage\"},\"image\":{\"@id\":\"https:\/\/www.4ps.be\/fr\/actueel\/evenement-4ps-tech-days-developers-internationale-partners-op-bezoek-in-ede\/#primaryimage\"},\"thumbnailUrl\":\"https:\/\/www.4ps.be\/wp-content\/uploads\/sites\/3\/tech.jpg\",\"datePublished\":\"2019-09-12T09:28:19+00:00\",\"breadcrumb\":{\"@id\":\"https:\/\/www.4ps.be\/fr\/actueel\/evenement-4ps-tech-days-developers-internationale-partners-op-bezoek-in-ede\/#breadcrumb\"},\"inLanguage\":\"fr-FR\",\"potentialAction\":[{\"@type\":\"ReadAction\",\"target\":[\"https:\/\/www.4ps.be\/fr\/actueel\/evenement-4ps-tech-days-developers-internationale-partners-op-bezoek-in-ede\/\"]}]},{\"@type\":\"ImageObject\",\"inLanguage\":\"fr-FR\",\"@id\":\"https:\/\/www.4ps.be\/fr\/actueel\/evenement-4ps-tech-days-developers-internationale-partners-op-bezoek-in-ede\/#primaryimage\",\"url\":\"https:\/\/www.4ps.be\/wp-content\/uploads\/sites\/3\/tech.jpg\",\"contentUrl\":\"https:\/\/www.4ps.be\/wp-content\/uploads\/sites\/3\/tech.jpg\",\"width\":770,\"height\":403},{\"@type\":\"BreadcrumbList\",\"@id\":\"https:\/\/www.4ps.be\/fr\/actueel\/evenement-4ps-tech-days-developers-internationale-partners-op-bezoek-in-ede\/#breadcrumb\",\"itemListElement\":[{\"@type\":\"ListItem\",\"position\":1,\"name\":\"Actueel\",\"item\":\"https:\/\/www.4ps.be\/fr\/actueel\/\"},{\"@type\":\"ListItem\",\"position\":2,\"name\":\"4PS Tech Days: developers internationale partners op bezoek in Ede\"}]},{\"@type\":\"WebSite\",\"@id\":\"https:\/\/www.4ps.be\/fr\/#website\",\"url\":\"https:\/\/www.4ps.be\/fr\/\",\"name\":\"4PS Belgi\u00eb\",\"description\":\"\",\"publisher\":{\"@id\":\"https:\/\/www.4ps.be\/fr\/#organization\"},\"potentialAction\":[{\"@type\":\"SearchAction\",\"target\":{\"@type\":\"EntryPoint\",\"urlTemplate\":\"https:\/\/www.4ps.be\/fr\/?s={search_term_string}\"},\"query-input\":{\"@type\":\"PropertyValueSpecification\",\"valueRequired\":true,\"valueName\":\"search_term_string\"}}],\"inLanguage\":\"fr-FR\"},{\"@type\":\"Organization\",\"@id\":\"https:\/\/www.4ps.be\/fr\/#organization\",\"name\":\"4PS Belgi\u00eb\",\"url\":\"https:\/\/www.4ps.be\/fr\/\",\"logo\":{\"@type\":\"ImageObject\",\"inLanguage\":\"fr-FR\",\"@id\":\"https:\/\/www.4ps.be\/fr\/#\/schema\/logo\/image\/\",\"url\":\"https:\/\/www.4ps.be\/wp-content\/uploads\/sites\/3\/4PS_logo_RGB.jpg\",\"contentUrl\":\"https:\/\/www.4ps.be\/wp-content\/uploads\/sites\/3\/4PS_logo_RGB.jpg\",\"width\":859,\"height\":645,\"caption\":\"4PS Belgi\u00eb\"},\"image\":{\"@id\":\"https:\/\/www.4ps.be\/fr\/#\/schema\/logo\/image\/\"},\"sameAs\":[\"https:\/\/x.com\/4psBelgium\",\"https:\/\/www.linkedin.com\/company\/36159596\/\",\"https:\/\/www.youtube.com\/c\/4PSEde\"]}]}<\/script>\n<!-- \/ Yoast SEO Premium plugin. -->","yoast_head_json":{"title":"4PS Tech Days: developers internationale partners op bezoek in Ede - 4PS Belgi\u00eb","robots":{"index":"index","follow":"follow","max-snippet":"max-snippet:-1","max-image-preview":"max-image-preview:large","max-video-preview":"max-video-preview:-1"},"canonical":"https:\/\/www.4ps.be\/fr\/actueel\/evenement-4ps-tech-days-developers-internationale-partners-op-bezoek-in-ede\/","og_locale":"fr_FR","og_type":"article","og_title":"4PS Tech Days: developers internationale partners op bezoek in Ede","og_url":"https:\/\/www.4ps.be\/fr\/actueel\/evenement-4ps-tech-days-developers-internationale-partners-op-bezoek-in-ede\/","og_site_name":"4PS Belgi\u00eb","twitter_card":"summary_large_image","twitter_site":"@4psBelgium","twitter_misc":{"Dur\u00e9e de lecture estim\u00e9e":"1 minute"},"schema":{"@context":"https:\/\/schema.org","@graph":[{"@type":"WebPage","@id":"https:\/\/www.4ps.be\/fr\/actueel\/evenement-4ps-tech-days-developers-internationale-partners-op-bezoek-in-ede\/","url":"https:\/\/www.4ps.be\/fr\/actueel\/evenement-4ps-tech-days-developers-internationale-partners-op-bezoek-in-ede\/","name":"4PS Tech Days: developers internationale partners op bezoek in Ede - 4PS Belgi\u00eb","isPartOf":{"@id":"https:\/\/www.4ps.be\/fr\/#website"},"primaryImageOfPage":{"@id":"https:\/\/www.4ps.be\/fr\/actueel\/evenement-4ps-tech-days-developers-internationale-partners-op-bezoek-in-ede\/#primaryimage"},"image":{"@id":"https:\/\/www.4ps.be\/fr\/actueel\/evenement-4ps-tech-days-developers-internationale-partners-op-bezoek-in-ede\/#primaryimage"},"thumbnailUrl":"https:\/\/www.4ps.be\/wp-content\/uploads\/sites\/3\/tech.jpg","datePublished":"2019-09-12T09:28:19+00:00","breadcrumb":{"@id":"https:\/\/www.4ps.be\/fr\/actueel\/evenement-4ps-tech-days-developers-internationale-partners-op-bezoek-in-ede\/#breadcrumb"},"inLanguage":"fr-FR","potentialAction":[{"@type":"ReadAction","target":["https:\/\/www.4ps.be\/fr\/actueel\/evenement-4ps-tech-days-developers-internationale-partners-op-bezoek-in-ede\/"]}]},{"@type":"ImageObject","inLanguage":"fr-FR","@id":"https:\/\/www.4ps.be\/fr\/actueel\/evenement-4ps-tech-days-developers-internationale-partners-op-bezoek-in-ede\/#primaryimage","url":"https:\/\/www.4ps.be\/wp-content\/uploads\/sites\/3\/tech.jpg","contentUrl":"https:\/\/www.4ps.be\/wp-content\/uploads\/sites\/3\/tech.jpg","width":770,"height":403},{"@type":"BreadcrumbList","@id":"https:\/\/www.4ps.be\/fr\/actueel\/evenement-4ps-tech-days-developers-internationale-partners-op-bezoek-in-ede\/#breadcrumb","itemListElement":[{"@type":"ListItem","position":1,"name":"Actueel","item":"https:\/\/www.4ps.be\/fr\/actueel\/"},{"@type":"ListItem","position":2,"name":"4PS Tech Days: developers internationale partners op bezoek in Ede"}]},{"@type":"WebSite","@id":"https:\/\/www.4ps.be\/fr\/#website","url":"https:\/\/www.4ps.be\/fr\/","name":"4PS Belgi\u00eb","description":"","publisher":{"@id":"https:\/\/www.4ps.be\/fr\/#organization"},"potentialAction":[{"@type":"SearchAction","target":{"@type":"EntryPoint","urlTemplate":"https:\/\/www.4ps.be\/fr\/?s={search_term_string}"},"query-input":{"@type":"PropertyValueSpecification","valueRequired":true,"valueName":"search_term_string"}}],"inLanguage":"fr-FR"},{"@type":"Organization","@id":"https:\/\/www.4ps.be\/fr\/#organization","name":"4PS Belgi\u00eb","url":"https:\/\/www.4ps.be\/fr\/","logo":{"@type":"ImageObject","inLanguage":"fr-FR","@id":"https:\/\/www.4ps.be\/fr\/#\/schema\/logo\/image\/","url":"https:\/\/www.4ps.be\/wp-content\/uploads\/sites\/3\/4PS_logo_RGB.jpg","contentUrl":"https:\/\/www.4ps.be\/wp-content\/uploads\/sites\/3\/4PS_logo_RGB.jpg","width":859,"height":645,"caption":"4PS Belgi\u00eb"},"image":{"@id":"https:\/\/www.4ps.be\/fr\/#\/schema\/logo\/image\/"},"sameAs":["https:\/\/x.com\/4psBelgium","https:\/\/www.linkedin.com\/company\/36159596\/","https:\/\/www.youtube.com\/c\/4PSEde"]}]}},"content_elements":[{"content_element_type":"vc_text_with_media","element_label":"","title":"","download":"","link":"","image":{"id":"4137","ID":"4137","object_type":"image","ImageClass":"Timber\\Image","PostClass":"Timber\\Post","TermClass":"Timber\\Term","custom":[],"post_author":"8","post_content":"","post_date":"2019-09-12 11:27:51","post_excerpt":"","post_parent":4136,"post_status":"inherit","post_title":"tech","post_type":"attachment","slug":null,"abs_url":null,"file_loc":"\/home\/ploi\/www.4ps.co.uk\/public\/wp-content\/uploads\/sites\/3\/tech.jpg","file":"tech.jpg","sizes":{"thumbnail":{"file":"tech-150x150.jpg","width":150,"height":150,"mime-type":"image\/jpeg"}},"caption":"","image_meta":{"aperture":"0","credit":"","camera":"","caption":"","created_timestamp":"0","copyright":"","focal_length":"0","iso":"0","shutter_speed":"0","title":"","orientation":"0","keywords":[]},"_wp_attachment_metadata":"a:5:{s:5:\"width\";i:770;s:6:\"height\";i:403;s:4:\"file\";s:8:\"tech.jpg\";s:5:\"sizes\";a:1:{s:9:\"thumbnail\";a:4:{s:4:\"file\";s:16:\"tech-150x150.jpg\";s:5:\"width\";i:150;s:6:\"height\";i:150;s:9:\"mime-type\";s:10:\"image\/jpeg\";}}s:10:\"image_meta\";a:12:{s:8:\"aperture\";s:1:\"0\";s:6:\"credit\";s:0:\"\";s:6:\"camera\";s:0:\"\";s:7:\"caption\";s:0:\"\";s:17:\"created_timestamp\";s:1:\"0\";s:9:\"copyright\";s:0:\"\";s:12:\"focal_length\";s:1:\"0\";s:3:\"iso\";s:1:\"0\";s:13:\"shutter_speed\";s:1:\"0\";s:5:\"title\";s:0:\"\";s:11:\"orientation\";s:1:\"0\";s:8:\"keywords\";a:0:{}}}","wpml_media_processed":"1","post_date_gmt":"2019-09-12 09:27:51","comment_status":"open","ping_status":"closed","post_password":"","post_name":"tech","to_ping":"","pinged":"","post_modified":"2019-09-12 11:27:51","post_modified_gmt":"2019-09-12 09:27:51","post_content_filtered":"","guid":"https:\/\/www.4ps.be\/wp-content\/uploads\/sites\/3\/tech.jpg","menu_order":0,"post_mime_type":"image\/jpeg","comment_count":"0","filter":"raw"},"video":"","image_position":"left","content":"<p>Net even anders dan de internationale partnerdagen. Waar de partnerdagen gericht zijn op functionele, sales- en marketingpersonen, zijn de Tech Days er specifiek voor de techneuten van onze internationale partners.<\/p>\n<h2>Programma<\/h2>\n<p>Deze twee dagen bestonden uit een vol programma met onder informatie, technische sessies en diverse demo\u2019s. Voornamelijk gerelateerd aan het modernste ERP-platform van dit moment: Microsoft Dynamics Business Central 365. Natuurlijk was er ook tijd voor een hoop gezelligheid met in de avond een potje shortgolf en een smakelijke barbecue.<\/p>\n"},{"content_element_type":"vc_share","title":"Deel dit artikel:","content":""}],"_links":{"self":[{"href":"https:\/\/www.4ps.be\/fr\/wp-json\/wp\/v2\/actueel\/14760","targetHints":{"allow":["GET"]}}],"collection":[{"href":"https:\/\/www.4ps.be\/fr\/wp-json\/wp\/v2\/actueel"}],"about":[{"href":"https:\/\/www.4ps.be\/fr\/wp-json\/wp\/v2\/types\/insight"}],"version-history":[{"count":0,"href":"https:\/\/www.4ps.be\/fr\/wp-json\/wp\/v2\/actueel\/14760\/revisions"}],"wp:featuredmedia":[{"embeddable":true,"href":"https:\/\/www.4ps.be\/fr\/wp-json\/wp\/v2\/media\/12933"}],"wp:attachment":[{"href":"https:\/\/www.4ps.be\/fr\/wp-json\/wp\/v2\/media?parent=14760"}],"wp:term":[{"taxonomy":"insight__topic","embeddable":true,"href":"https:\/\/www.4ps.be\/fr\/wp-json\/wp\/v2\/insight__topic?post=14760"},{"taxonomy":"insight__category","embeddable":true,"href":"https:\/\/www.4ps.be\/fr\/wp-json\/wp\/v2\/insight__category?post=14760"}],"curies":[{"name":"wp","href":"https:\/\/api.w.org\/{rel}","templated":true}]}}